{"id":49,"date":"2024-05-09T22:59:36","date_gmt":"2024-05-09T20:59:36","guid":{"rendered":"http:\/\/www.radom.kik.opoka.org.pl\/konkurs\/?page_id=49"},"modified":"2024-05-09T23:09:24","modified_gmt":"2024-05-09T21:09:24","slug":"wanda-malczewska","status":"publish","type":"page","link":"http:\/\/www.radom.kik.opoka.org.pl\/konkurs\/?page_id=49","title":{"rendered":"Wanda Malczewska"},"content":{"rendered":"<p><em>Ewa K. Czaczkowska<\/em><\/p>\n<p>O takich kobietach jak Wanda Malczewska m\u00f3wimy dzisiaj: wolontariuszka, spo\u0142ecznica, osoba zaanga\u017cowana w \u017cycie wsp\u00f3lnoty narodowej i wsp\u00f3lnoty ko\u015bcielnej. Jeszcze dzi\u015b taka aktywno\u015b\u0107 wzbudza zainteresowanie czy nawet zdziwienie, a tym bardziej 200 lat temu w zupe\u0142nie innym kontek\u015bcie spo\u0142ecznym i historycznym. W dodatku Malczewska by\u0142a kobiet\u0105 samotn\u0105, singielk\u0105 jak by\u015bmy dzi\u015b powiedzieli, z powo\u0142ania i wyboru. A przede wszystkim by\u0142a mistyczk\u0105, kt\u00f3ra widzia\u0142a, nie tylko oczami duszy, ale dos\u0142ownie to, co dla wi\u0119kszo\u015bci jest zakryte. Dzi\u0119ki temu za\u015b swoje spo\u0142eczne zaanga\u017cowanie prze\u017cywa\u0142a g\u0142\u0119biej, naznaczaj\u0105c je mocno duchowym rysem.<\/p>\n<p>Wanda z Malczewskich, herbu Tarnawa urodzona w Radomiu w 1822 roku, w doros\u0142o\u015b\u0107 wesz\u0142a w pierwszej po\u0142owie XIX wieku. W tym czasie kobiety ze sfer ziemia\u0144skich czy szlacheckich, a z takich sfer, cho\u0107 zubo\u017ca\u0142ych pochodzi\u0142a Wanda, mia\u0142y w zasadzie do wyboru jedn\u0105 z dwu dr\u00f3g \u017cycia: zam\u0105\u017cp\u00f3j\u015bcie albo wst\u0105pienie do zgromadzenia zakonnego. Kobiety samotne, jak ona, mieszka\u0142y u boku rodziny. Wanda wi\u0119ksz\u0105 cz\u0119\u015b\u0107 swojego \u017cycia sp\u0119dzi\u0142a z spokrewnion\u0105 ze strony ojca rodzin\u0105 Siemie\u0144skich, a kiedy najbli\u017csi pomarli, kilka lat mieszka\u0142a jako rezydentka w klasztorze dominikanek w \u015awi\u0119tej Annie pod Przyrowem, za\u015b ostatnie trzy lata \u017cycia na plebanii parafii Parzno (zmar\u0142a w 1896 roku).<\/p>\n<p>Wanda, kt\u00f3ra do\u015bwiadczy\u0142a w \u017cyciu wiele cierpienia, potrafi\u0142a swoje \u017cycie uczyni\u0107 po\u017cytecznym dla innych. Pokaza\u0142a, \u017ce mimo trudnych do\u015bwiadcze\u0144, mo\u017cna je prze\u017cy\u0107 szcz\u0119\u015bliwe i owocne. Paradoksalnie pom\u00f3g\u0142 w tym jej osobisty status: osoby \u015bwieckiej, samotnej, \u017cyj\u0105cej u boku zamo\u017cnej, ziemia\u0144skiej rodziny Siemie\u0144skich. Mieszka\u0142a bowiem we dworze, ale \u017cy\u0142a pomi\u0119dzy dworem a wsi\u0105. Pomi\u0119dzy \u015bwiatem ziemia\u0144skim a w\u0142o\u015bcia\u0144skim. To funkcjonowanie pomi\u0119dzy dwoma \u015bwiatami i ich \u0142\u0105czenie umo\u017cliwia\u0142y Wandzie tak\u017ce jej wrodzone cechy i predyspozycje, takie jak wra\u017cliwo\u015b\u0107 na bied\u0119 czy \u015bwiadomo\u015b\u0107 powinno\u015bci spo\u0142ecznych i narodowych, jakie spoczywa\u0142y na wy\u017cszych sferach. Wanda Malczewska we wszystkich miejscach, gdzie przysz\u0142o jej \u017cy\u0107, w pa\u0142acach i dworach Siemie\u0144skich \u2014 nie zamyka\u0142a si\u0119 w kr\u0119gu rodziny, ale poznawa\u0142a lokaln\u0105 spo\u0142eczno\u015b\u0107. Obchodz\u0105c okoliczne domy i wsie, szybko orientowa\u0142a si\u0119, komu trzeba pom\u00f3c materialnie i duchowo i t\u0119 pomoc nios\u0142a. By\u0142a wi\u0119c wolontariuszk\u0105, kt\u00f3ra w zale\u017cno\u015bci od sytuacji stawa\u0142a si\u0119 wiejsk\u0105 nauczycielk\u0105, katechetk\u0105, pomoc\u0105 spo\u0142eczn\u0105, piel\u0119gniark\u0105 (by\u0142a wykwalifikowan\u0105 felczerk\u0105), mediatork\u0105 w konfliktach rodzinnych czy s\u0105siedzkich, czasem te\u017c zakrystiank\u0105. Gromadzi\u0142a wok\u00f3\u0142 siebie wiejskie dzieci, kt\u00f3re uczy\u0142a czyta\u0107 i pisa\u0107, opowiada\u0142a o historii Polski i Ko\u015bcio\u0142a, uczy\u0142a kultury i polskiego j\u0119zyka. Uczy\u0142a te\u017c dzieci modlitwy, zasad wiary katolickiej i chrze\u015bcija\u0144skiego \u017cycia. Rozdawa\u0142a zakazane przez carat ksi\u0105\u017cki, a co zdolniejsze dzieci przygotowywa\u0142a do egzamin\u00f3w do szk\u00f3\u0142 \u015brednich. Kiedy ju\u017c z powodu os\u0142abienia wzroku nie mog\u0142a uczy\u0107, to w rozmowach nak\u0142ania\u0142a rodzic\u00f3w do kszta\u0142cenia dzieci, wysy\u0142ania c\u00f3rek do szk\u00f3\u0142. Chodzi\u0142a po wsiach z apteczk\u0105, wyposa\u017con\u0105 w banda\u017ce, kt\u00f3re przygotowywa\u0142a w domu, oraz medykamenty, w zio\u0142a, kt\u00f3re zbiera\u0142a i suszy\u0142a z pomoc\u0105 miejscowych dzieci. Opiekowa\u0142a si\u0119 chorymi w czasie epidemii cholery, leczy\u0142a z tyfusu. Wanda uczy\u0142a innych mi\u0142o\u015bci do ojczyzny, pozbawionej w\u00f3wczas swej pa\u0144stwowo\u015bci, bo i sama dla jej odzyskania wiele robi\u0142a. W czasie powstania styczniowego wsp\u00f3\u0142organizowa\u0142a dwa szpitale powsta\u0144cze, zaopatruj\u0105c je w \u015brodki medyczne, \u017cywno\u015b\u0107 i odzie\u017c. Opiekowa\u0142a si\u0119 te\u017c rannymi powsta\u0144cami.<\/p>\n<p>Podstaw\u0105 aktywno\u015bci spo\u0142ecznej i patriotycznej Wandy Malczewskiej by\u0142a wiara. To chrze\u015bcija\u0144stwo nadawa\u0142o charakterystyczny rys jej zaanga\u017cowaniu. Pomoc okazywan\u0105 innym zawsze \u0142\u0105czy\u0142a z modlitw\u0105. W niej by\u0142a si\u0142a jej dzia\u0142ania, kt\u00f3rej celem by\u0142o nie tylko zapobie\u017cenie biedom materialnym ludzi, ale tak\u017ce, a mo\u017ce przede wszystkim, biedom duchowym, kt\u00f3re \u015bwietnie rozeznawa\u0142a. Zjednoczona w duszy z Bogiem, Wanda promieniowa\u0142a swoj\u0105 duchowo\u015bci\u0105 na innych \u2014 na \u015brodowisko, w kt\u00f3rym \u017cy\u0142a, na bli\u017csz\u0105 i dalsz\u0105 rodzin\u0119, na s\u0105siad\u00f3w i na parafie, w kt\u00f3rych mieszka\u0142a. Promieniowa\u0142a duchowo\u015bci\u0105, kt\u00f3r\u0105 kszta\u0142towa\u0142a na modlitwie i w stanach bezpo\u015bredniego mistycznego zjednoczenia z Bogiem. Bo Wanda Malczewska by\u0142a przede wszystkim wielk\u0105 mistyczk\u0105. Mia\u0142a liczne objawienia Jezusa, Maryi i wielu \u015bwi\u0119tych. Nie tylko widzia\u0142a ich, ale z nimi rozmawia\u0142a; doznawa\u0142a proroczych wizji m.in. na temat odzyskania przez Polsk\u0119 niepodleg\u0142o\u015bci i jej dalszych los\u00f3w. Jej wizje M\u0119ki Pa\u0144skiej, niezwykle szczeg\u00f3\u0142owe, mo\u017cna por\u00f3wna\u0107 do wizji niemieckiej mistyczki b\u0142ogos\u0142awionej Anny Katarzyny Emmerich, kt\u00f3re pos\u0142u\u017cy\u0142y za kanw\u0119 filmu \u201ePasja\u201d Mela Gibsona. Objawienia Malczewskiej nie s\u0105 jednak tak znane, nie tylko dlatego, \u017ce cz\u0119\u015b\u0107 ich dotyczy\u0142a spraw polskich, ale dlatego, \u017ce w przeciwie\u0144stwie do Emmerich nie mia\u0142a na sta\u0142e u boku kogo\u015b, kto systematycznie spisywa\u0142by tre\u015b\u0107 danych jej objawie\u0144. Ich prawdziwo\u015b\u0107 zosta\u0142a potwierdzona w tocz\u0105cym si\u0119 procesie beatyfikacyjnym Wandy Malczewskiej. Do og\u0142oszenia jej b\u0142ogos\u0142awion\u0105 potrzeba jeszcze uznanego przez Ko\u015bci\u00f3\u0142 cudu dokonanego za jej wstawiennictwem.<\/p>\n<p>&nbsp;<\/p>\n<p style=\"text-align: right;\"><strong>Dr Ewa K. Czaczkowska<\/strong>,<br \/>\nadiunkt w Instytucie Edukacji Medialnej i Dziennikarstwa Uniwersytetu Kardyna\u0142a Stefana Wyszy\u0144skiego w Warszawie,<br \/>\ndziennikarka i publicystka, przez wiele lat zwi\u0105zana z dziennikiem \u201eRzeczpospolita\u201d,<br \/>\nautorka kilkunastu ksi\u0105\u017cek m.in. \u201eKardyna\u0142 Wyszy\u0144ski. Biografia\u201d, \u201eSiostra Faustyna. Biografia \u015bwi\u0119tej\u201d,<br \/>\n\u201eKsi\u0105dz Jerzy Popie\u0142uszko\u201d (wsp\u00f3lnie z Tomaszem Wi\u015bcickim) i \u201eMistyczki. Historie kobiet wybranych\u201d.<\/p>\n<p>&nbsp;<\/p>\n","protected":false},"excerpt":{"rendered":"<p>Ewa K. Czaczkowska O takich kobietach jak Wanda Malczewska m\u00f3wimy dzisiaj: wolontariuszka, spo\u0142ecznica, osoba zaanga\u017cowana w \u017cycie wsp\u00f3lnoty narodowej i wsp\u00f3lnoty ko\u015bcielnej. [&hellip;]<\/p>\n","protected":false},"author":1,"featured_media":0,"parent":0,"menu_order":0,"comment_status":"closed","ping_status":"closed","template":"","meta":{"_uag_custom_page_level_css":"","footnotes":""},"class_list":["post-49","page","type-page","status-publish","hentry"],"uagb_featured_image_src":{"full":false,"thumbnail":false,"medium":false,"medium_large":false,"large":false,"1536x1536":false,"2048x2048":false,"sydney-large-thumb":false,"sydney-medium-thumb":false,"sydney-small-thumb":false,"sydney-service-thumb":false,"sydney-mas-thumb":false},"uagb_author_info":{"display_name":"rafalcelej@wp.pl","author_link":"http:\/\/www.radom.kik.opoka.org.pl\/konkurs\/?author=1"},"uagb_comment_info":0,"uagb_excerpt":"Ewa K. Czaczkowska O takich kobietach jak Wanda Malczewska m\u00f3wimy dzisiaj: wolontariuszka, spo\u0142ecznica, osoba zaanga\u017cowana w \u017cycie wsp\u00f3lnoty narodowej i wsp\u00f3lnoty ko\u015bcielnej. [&hellip;]","_links":{"self":[{"href":"http:\/\/www.radom.kik.opoka.org.pl\/konkurs\/index.php?rest_route=\/wp\/v2\/pages\/49","targetHints":{"allow":["GET"]}}],"collection":[{"href":"http:\/\/www.radom.kik.opoka.org.pl\/konkurs\/index.php?rest_route=\/wp\/v2\/pages"}],"about":[{"href":"http:\/\/www.radom.kik.opoka.org.pl\/konkurs\/index.php?rest_route=\/wp\/v2\/types\/page"}],"author":[{"embeddable":true,"href":"http:\/\/www.radom.kik.opoka.org.pl\/konkurs\/index.php?rest_route=\/wp\/v2\/users\/1"}],"replies":[{"embeddable":true,"href":"http:\/\/www.radom.kik.opoka.org.pl\/konkurs\/index.php?rest_route=%2Fwp%2Fv2%2Fcomments&post=49"}],"version-history":[{"count":2,"href":"http:\/\/www.radom.kik.opoka.org.pl\/konkurs\/index.php?rest_route=\/wp\/v2\/pages\/49\/revisions"}],"predecessor-version":[{"id":66,"href":"http:\/\/www.radom.kik.opoka.org.pl\/konkurs\/index.php?rest_route=\/wp\/v2\/pages\/49\/revisions\/66"}],"wp:attachment":[{"href":"http:\/\/www.radom.kik.opoka.org.pl\/konkurs\/index.php?rest_route=%2Fwp%2Fv2%2Fmedia&parent=49"}],"curies":[{"name":"wp","href":"https:\/\/api.w.org\/{rel}","templated":true}]}}