{"id":68,"date":"2024-05-09T23:15:49","date_gmt":"2024-05-09T21:15:49","guid":{"rendered":"http:\/\/www.radom.kik.opoka.org.pl\/konkurs\/?page_id=68"},"modified":"2024-09-23T21:13:16","modified_gmt":"2024-09-23T19:13:16","slug":"regulamin","status":"publish","type":"page","link":"http:\/\/www.radom.kik.opoka.org.pl\/konkurs\/?page_id=68","title":{"rendered":"Regulamin"},"content":{"rendered":"\n<div class=\"wp-block-uagb-container uagb-block-2a7d743c alignfull uagb-is-root-container\"><div class=\"uagb-container-inner-blocks-wrap\">\n<h2 class=\"wp-block-heading has-text-align-center\"><strong>Og\u00f3lnopolski Konkurs Plastyczny<\/strong><\/h2>\n\n\n\n<h3 class=\"wp-block-heading has-text-align-center\">\u201eW poszukiwaniu zaginionych wizerunk\u00f3w<br>\u2014 portret Wandy Malczewskiej\u201d,<\/h3>\n\n\n\n<p><strong>w 170. rocznic\u0119 urodzin i w 95. rocznic\u0119 \u015bmierci Jacka Malczewskiego (1854-1929), dla student\u00f3w wy\u017cszych uczelni plastycznych i student\u00f3w kierunk\u00f3w plastycznych innych wy\u017cszych uczelni, organizowany przez<\/strong>:<\/p>\n\n\n\n<ul class=\"wp-block-list\">\n<li>\u00a0 Klub Inteligencji Katolickiej im. Stefana Kardyna\u0142a Wyszy\u0144skiego w Radomiu,<\/li>\n\n\n\n<li>\u00a0 Akcj\u0119 Katolick\u0105 Diecezji Radomskiej,<\/li>\n\n\n\n<li>\u00a0 Stowarzyszenie \u201eM\u0142y\u0144ska\u201d Verum Bonum Pulchrum w Radomiu.<\/li>\n<\/ul>\n\n\n\n<p><strong>Zadaniem konkursu jest uzyskanie prac o wysokich walorach artystycznych, przedstawiaj\u0105cych portret Wandy Malczewskiej, ciotki Jacka Malczewskiego, powsta\u0142ych zgodnie ze sposobem tworzenia artysty, w duchu tamtej epoki czy przetworzonych przez wyobra\u017ani\u0119 wsp\u00f3\u0142czesnego autora.<\/strong><\/p>\n\n\n\n<p>Jacek Malczewski stworzy\u0142 dwa szkice portretowe swojej ciotki \u2014 akwarelowy i rysunkowy \u2014 ale prace te nie zachowa\u0142y si\u0119 do obecnych czas\u00f3w.<\/p>\n\n\n\n<div class=\"wp-block-uagb-separator uagb-block-02610fcf\"><div class=\"wp-block-uagb-separator__inner\" style=\"--my-background-image:\"><\/div><\/div>\n\n\n\n<p><strong>Cel konkursu:<\/strong><\/p>\n\n\n\n<ul class=\"wp-block-list\">\n<li> Promowanie tw\u00f3rczo\u015bci i talentu artystycznego Jacka Malczewskiego, jednego z najwybitniejszych polskich malarzy.<\/li>\n\n\n\n<li><strong> <\/strong>Zach\u0119canie student\u00f3w do zapoznania si\u0119 z biografi\u0105 Wandy Malczewskiej.<\/li>\n\n\n\n<li> Wspieranie kreatywno\u015bci oraz rozwoju intelektualnego i duchowego m\u0142odych tw\u00f3rc\u00f3w.<\/li>\n<\/ul>\n\n\n\n<div class=\"wp-block-uagb-separator uagb-block-10371c25\"><div class=\"wp-block-uagb-separator__inner\" style=\"--my-background-image:\"><\/div><\/div>\n\n\n\n<p><strong>Warunki uczestnictwa:<\/strong><\/p>\n\n\n\n<ol class=\"wp-block-list\">\n<li>W konkursie mog\u0105 wzi\u0105\u0107 udzia\u0142 studenci wy\u017cszych uczelni plastycznych i studenci kierunk\u00f3w plastycznych innych wy\u017cszych uczelni.<\/li>\n\n\n\n<li>Na konkurs przyjmowane b\u0119d\u0105 prace wykonane na pod\u0142o\u017cach papierowych, w dowolnych technikach malarskich, rysunkowych i graficznych o tematyce zwi\u0105zanej z portretem Wandy Malczewskiej, b\u0119d\u0105ce w\u0142asno\u015bci\u0105 autor\u00f3w. Maksymalny format (r\u00f3wnie\u017c w przypadku obramowania passe-partout) \u2014 70\u00d750 cm. Uwaga \u2014 prosimy nie przysy\u0142a\u0107 prac oprawionych w ramy, nie b\u0119d\u0105 brane pod uwag\u0119 przez Jury i nie b\u0119d\u0105 odsy\u0142ane autorom.<\/li>\n\n\n\n<li>Uczestnicy konkursu mog\u0105 przys\u0142a\u0107 po jednej pracy z ka\u017cdej kategorii (malarstwo, rysunek, grafika) wraz z Kart\u0105 Zg\u0142oszenia.<\/li>\n\n\n\n<li>Ka\u017cd\u0105 z prac nale\u017cy opisa\u0107 na odwrocie:\n<ul class=\"wp-block-list\">\n<li>imi\u0119 i nazwisko,<\/li>\n\n\n\n<li>&nbsp;tytu\u0142 pracy, data powstania, technika, wymiary,<\/li>\n\n\n\n<li>&nbsp;adres autora.<\/li>\n<\/ul>\n<\/li>\n\n\n\n<li>Autorzy przesy\u0142aj\u0105 prace na koszt w\u0142asny. Po zako\u0144czeniu konkursu wszystkie prace przechodz\u0105 na w\u0142asno\u015b\u0107 organizator\u00f3w.<\/li>\n\n\n\n<li>Zakwalifikowane prace zostan\u0105 zaprezentowane w czasie wystawy pokonkursowej i opublikowane w katalogu. Autorzy prezentowanych prac otrzymaj\u0105 katalog wystawy zawieraj\u0105cy reprodukcj\u0119 swojej pracy. Organizatorzy dopuszczaj\u0105 mo\u017cliwo\u015b\u0107 prezentacji prac w innych miejscach w Polsce.<\/li>\n\n\n\n<li>Organizatorzy nie bior\u0105 odpowiedzialno\u015bci za zagini\u0119cie lub uszkodzenie przesy\u0142ki z pracami, powsta\u0142e podczas transportu.<\/li>\n<\/ol>\n\n\n\n<div class=\"wp-block-uagb-separator uagb-block-4b502dfd\"><div class=\"wp-block-uagb-separator__inner\" style=\"--my-background-image:\"><\/div><\/div>\n\n\n\n<p><strong>Terminy:<\/strong><\/p>\n\n\n\n<ol class=\"wp-block-list\">\n<li>Wype\u0142nion\u0105 Kart\u0119 Zg\u0142oszenia wraz ze zdj\u0119ciami w formacie jpg nale\u017cy nades\u0142a\u0107 do dnia 15.01.2025 r. na adres: <a href=\"mailto:konkurs@kik.opoka.org.pl\">konkurs@kik.opoka.org.pl<\/a><\/li>\n\n\n\n<li>Decyzja Jury o wst\u0119pnym zakwalifikowaniu prac zostanie umieszczona na stronie internetowej 01.02.2025 r.<\/li>\n\n\n\n<li>Termin nadsy\u0142ania zakwalifikowanych prac up\u0142ywa 28.02.2025 r.<\/li>\n\n\n\n<li>Otwarcie wystawy pokonkursowej po\u0142\u0105czone z wr\u0119czeniem nagr\u00f3d odb\u0119dzie si\u0119 24.05.2025 r. w Radomiu.<\/li>\n<\/ol>\n\n\n\n<h3 class=\"wp-block-heading\">Do ko\u0144ca zg\u0142osze\u0144 pozosta\u0142o:<\/h3>\n\n\n\n<div data-aos= \"fade\" data-aos-duration=\"400\" data-aos-delay=\"0\" data-aos-easing=\"ease\" data-aos-once=\"true\" class=\"wp-block-uagb-countdown uagb-block-e97b7e1f\"><div class=\"wp-block-uagb-countdown__box wp-block-uagb-countdown__box-days\"><div role=\"timer\" aria-live=\"off\" class=\"wp-block-uagb-countdown__time wp-block-uagb-countdown__time-days\">&#8211;<\/div><div class=\"wp-block-uagb-countdown__label\">Dni<\/div><\/div><div class=\"wp-block-uagb-countdown__box wp-block-uagb-countdown__box-hours\"><div role=\"timer\" aria-live=\"off\" class=\"wp-block-uagb-countdown__time wp-block-uagb-countdown__time-hours\">&#8211;<\/div><div class=\"wp-block-uagb-countdown__label\">Godzin<\/div><\/div><div class=\"wp-block-uagb-countdown__box wp-block-uagb-countdown__box-minutes\"><div role=\"timer\" aria-live=\"off\" class=\"wp-block-uagb-countdown__time wp-block-uagb-countdown__time-minutes\">&#8211;<\/div><div class=\"wp-block-uagb-countdown__label\">Minut<\/div><\/div><div class=\"wp-block-uagb-countdown__box wp-block-uagb-countdown__box-seconds\"><div role=\"timer\" aria-live=\"off\" class=\"wp-block-uagb-countdown__time wp-block-uagb-countdown__time-seconds\">&#8211;<\/div><div class=\"wp-block-uagb-countdown__label\">sekund<\/div><\/div><\/div>\n\n\n\n<div class=\"wp-block-uagb-separator uagb-block-a9ba88bc\"><div class=\"wp-block-uagb-separator__inner\" style=\"--my-background-image:\"><\/div><\/div>\n\n\n\n<p><strong>Jury:<\/strong><\/p>\n\n\n\n<p>W sk\u0142ad Jury wchodz\u0105 arty\u015bci i krytycy sztuki oraz przedstawiciel organizator\u00f3w konkursu.<\/p>\n\n\n\n<div class=\"wp-block-uagb-separator uagb-block-8487d5f8\"><div class=\"wp-block-uagb-separator__inner\" style=\"--my-background-image:\"><\/div><\/div>\n\n\n\n<p><strong>Nagrody:<\/strong><\/p>\n\n\n\n<p>Organizatorzy przewiduj\u0105 pierwsz\u0105, drug\u0105 i trzeci\u0105 nagrod\u0119 w ka\u017cdej z trzech kategorii: malarstwo, rysunek, grafika. Pierwsza nagroda \u2014 5&nbsp;000 z\u0142, druga nagroda \u2014 3&nbsp;000 z\u0142, trzecia nagroda \u2014 2&nbsp;000 z\u0142. Jury zastrzega mo\u017cliwo\u015b\u0107 innego podzia\u0142u puli nagr\u00f3d.<\/p>\n\n\n\n<div class=\"wp-block-uagb-separator uagb-block-502b0b31\"><div class=\"wp-block-uagb-separator__inner\" style=\"--my-background-image:\"><\/div><\/div>\n\n\n\n<p><strong>Postanowienia dodatkowe:<\/strong><\/p>\n\n\n\n<p>Ka\u017cdy uczestnik nadsy\u0142aj\u0105cy wype\u0142nion\u0105 Kart\u0119 Zg\u0142oszenia tym samym wyra\u017ca zgod\u0119 na warunki okre\u015blone w niniejszym regulaminie, na przetwarzanie danych osobowych i na udzielenie licencji organizatorom w zakresie publikacji i prezentacji prac.<\/p>\n\n\n\n<p>Szczeg\u00f3\u0142owych informacji udzielaj\u0105 kuratorzy \u2014 <strong>Urszula Wolszczak-Paluch<\/strong> i <strong>Miros\u0142aw W\u0105sik<\/strong>.<\/p>\n\n\n\n<div class=\"wp-block-uagb-separator uagb-block-3b480389\"><div class=\"wp-block-uagb-separator__inner\" style=\"--my-background-image:\"><\/div><\/div>\n\n\n\n<p><strong>Za\u0142\u0105czniki:<\/strong><\/p>\n\n\n\n<ol class=\"wp-block-list\">\n<li><a href=\"http:\/\/www.radom.kik.opoka.org.pl\/konkurs\/?page_id=83\" data-type=\"link\" data-id=\"http:\/\/www.radom.kik.opoka.org.pl\/konkurs\/?page_id=83\"><strong>Karta Zg\u0142oszenia<\/strong><\/a> (imi\u0119 i nazwisko, adres, e-mail, telefon, metryczki prac, kr\u00f3tka nota biograficzna).<\/li>\n\n\n\n<li><strong><a href=\"http:\/\/www.radom.kik.opoka.org.pl\/konkurs\/?page_id=93\" data-type=\"link\" data-id=\"http:\/\/www.radom.kik.opoka.org.pl\/konkurs\/?page_id=93\">Fotografie Wandy Malczewskiej<\/a><\/strong>.<\/li>\n\n\n\n<li><strong><a href=\"http:\/\/www.radom.kik.opoka.org.pl\/konkurs\/wp-content\/uploads\/2024\/05\/regulamin-broszura-.pdf\" data-type=\"link\" data-id=\"http:\/\/www.radom.kik.opoka.org.pl\/konkurs\/wp-content\/uploads\/2024\/05\/broszura.pdf\">Folder<\/a><\/strong> z tekstami o Wandzie Malczewskiej i Jacku Malczewskim.<\/li>\n<\/ol>\n\n\n\n<p class=\"has-text-align-right\">Radom, 15 maja 2024 r.<\/p>\n<\/div><\/div>\n","protected":false},"excerpt":{"rendered":"<p>Og\u00f3lnopolski Konkurs Plastyczny \u201eW poszukiwaniu zaginionych wizerunk\u00f3w\u2014 portret Wandy Malczewskiej\u201d, w 170. rocznic\u0119 urodzin i w 95. rocznic\u0119 \u015bmierci Jacka Malczewskiego (1854-1929), [&hellip;]<\/p>\n","protected":false},"author":1,"featured_media":0,"parent":0,"menu_order":0,"comment_status":"closed","ping_status":"closed","template":"","meta":{"_uag_custom_page_level_css":"","footnotes":""},"class_list":["post-68","page","type-page","status-publish","hentry"],"uagb_featured_image_src":{"full":false,"thumbnail":false,"medium":false,"medium_large":false,"large":false,"1536x1536":false,"2048x2048":false,"sydney-large-thumb":false,"sydney-medium-thumb":false,"sydney-small-thumb":false,"sydney-service-thumb":false,"sydney-mas-thumb":false},"uagb_author_info":{"display_name":"rafalcelej@wp.pl","author_link":"http:\/\/www.radom.kik.opoka.org.pl\/konkurs\/?author=1"},"uagb_comment_info":0,"uagb_excerpt":"Og\u00f3lnopolski Konkurs Plastyczny \u201eW poszukiwaniu zaginionych wizerunk\u00f3w\u2014 portret Wandy Malczewskiej\u201d, w 170. rocznic\u0119 urodzin i w 95. rocznic\u0119 \u015bmierci Jacka Malczewskiego (1854-1929), [&hellip;]","_links":{"self":[{"href":"http:\/\/www.radom.kik.opoka.org.pl\/konkurs\/index.php?rest_route=\/wp\/v2\/pages\/68","targetHints":{"allow":["GET"]}}],"collection":[{"href":"http:\/\/www.radom.kik.opoka.org.pl\/konkurs\/index.php?rest_route=\/wp\/v2\/pages"}],"about":[{"href":"http:\/\/www.radom.kik.opoka.org.pl\/konkurs\/index.php?rest_route=\/wp\/v2\/types\/page"}],"author":[{"embeddable":true,"href":"http:\/\/www.radom.kik.opoka.org.pl\/konkurs\/index.php?rest_route=\/wp\/v2\/users\/1"}],"replies":[{"embeddable":true,"href":"http:\/\/www.radom.kik.opoka.org.pl\/konkurs\/index.php?rest_route=%2Fwp%2Fv2%2Fcomments&post=68"}],"version-history":[{"count":19,"href":"http:\/\/www.radom.kik.opoka.org.pl\/konkurs\/index.php?rest_route=\/wp\/v2\/pages\/68\/revisions"}],"predecessor-version":[{"id":446,"href":"http:\/\/www.radom.kik.opoka.org.pl\/konkurs\/index.php?rest_route=\/wp\/v2\/pages\/68\/revisions\/446"}],"wp:attachment":[{"href":"http:\/\/www.radom.kik.opoka.org.pl\/konkurs\/index.php?rest_route=%2Fwp%2Fv2%2Fmedia&parent=68"}],"curies":[{"name":"wp","href":"https:\/\/api.w.org\/{rel}","templated":true}]}}